{"id":19465,"date":"2023-09-27T15:13:49","date_gmt":"2023-09-27T12:13:49","guid":{"rendered":"https:\/\/www.kvarken.org\/projekt\/fair-2-promoting-sustainable-aviation\/"},"modified":"2025-03-26T17:27:58","modified_gmt":"2025-03-26T14:27:58","slug":"fair2","status":"publish","type":"projekt","link":"https:\/\/www.kvarken.org\/fi\/hankkeet\/fair2\/","title":{"rendered":"FAIR 2 &#8211; Kest\u00e4v\u00e4n lent\u00e4misen edist\u00e4minen"},"content":{"rendered":"<p>[et_pb_section fb_built=&#8221;1&#8243; admin_label=&#8221;Header: I bl\u00e5 niv\u00e5 ligger headerbild som bakgrund&#8221; _builder_version=&#8221;4.23.1&#8243; _module_preset=&#8221;default&#8221; background_image=&#8221;https:\/\/www.kvarken.org\/wp-content\/uploads\/2023\/11\/Eviation_aliceV2_Render1_clouds.png&#8221; min_height=&#8221;840px&#8221; min_height_tablet=&#8221;&#8221; min_height_phone=&#8221;&#8221; min_height_last_edited=&#8221;on|tablet&#8221; height=&#8221;100%&#8221; custom_css_main_element=&#8221;overflow: hidden;&#8221; collapsed=&#8221;on&#8221; global_colors_info=&#8221;{}&#8221;][et_pb_row _builder_version=&#8221;4.23.1&#8243; _module_preset=&#8221;default&#8221; global_colors_info=&#8221;{}&#8221;][et_pb_column type=&#8221;4_4&#8243; _builder_version=&#8221;4.16&#8243; _module_preset=&#8221;default&#8221; global_colors_info=&#8221;{}&#8221;][et_pb_image src=&#8221;https:\/\/www.kvarken.org\/wp-content\/uploads\/2023\/11\/FAIR2_logo_tagline_black_small.png&#8221; title_text=&#8221;FAIR2_logo_tagline_black_small&#8221; admin_label=&#8221;Logotypen FAIR2&#8243; _builder_version=&#8221;4.23.1&#8243; _module_preset=&#8221;default&#8221; max_width=&#8221;350px&#8221; custom_margin=&#8221;||||false|false&#8221; custom_padding=&#8221;||||false|false&#8221; global_colors_info=&#8221;{}&#8221;][\/et_pb_image][\/et_pb_column][\/et_pb_row][et_pb_row _builder_version=&#8221;4.16&#8243; _module_preset=&#8221;default&#8221; custom_margin=&#8221;340px||||false|false&#8221; custom_margin_tablet=&#8221;40px||||false|false&#8221; custom_margin_phone=&#8221;&#8221; custom_margin_last_edited=&#8221;on|tablet&#8221; global_colors_info=&#8221;{}&#8221;][et_pb_column type=&#8221;4_4&#8243; _builder_version=&#8221;4.16&#8243; _module_preset=&#8221;default&#8221; global_colors_info=&#8221;{}&#8221;][et_pb_text admin_label=&#8221;Denna h\u00e4mtar titeln p\u00e5 sidan&#8221; _builder_version=&#8221;4.23.1&#8243; _dynamic_attributes=&#8221;content&#8221; _module_preset=&#8221;default&#8221; text_font=&#8221;|300||on|||||&#8221; text_text_color=&#8221;#002A3C&#8221; text_font_size=&#8221;42px&#8221; text_line_height=&#8221;1.2em&#8221; header_font=&#8221;|300|||||||&#8221; header_text_color=&#8221;#000000&#8243; header_font_size=&#8221;42px&#8221; header_line_height=&#8221;1.2em&#8221; header_2_text_color=&#8221;#000000&#8243; module_alignment=&#8221;center&#8221; custom_margin=&#8221;||40px||false|false&#8221; custom_padding=&#8221;||||false|false&#8221; header_font_size_tablet=&#8221;&#8221; header_font_size_phone=&#8221;&#8221; header_font_size_last_edited=&#8221;on|phone&#8221; locked=&#8221;off&#8221; global_colors_info=&#8221;{}&#8221;]@ET-DC@eyJkeW5hbWljIjp0cnVlLCJjb250ZW50IjoicG9zdF90aXRsZSIsInNldHRpbmdzIjp7ImJlZm9yZSI6IjxoMT4iLCJhZnRlciI6IjwvaDE+In19@[\/et_pb_text][et_pb_text admin_label=&#8221;Den h\u00e4r h\u00e4mtar projektets utdragstext&#8221; _builder_version=&#8221;4.23.1&#8243; _dynamic_attributes=&#8221;content&#8221; _module_preset=&#8221;default&#8221; text_font=&#8221;|300|||||||&#8221; text_text_color=&#8221;#000000&#8243; max_width=&#8221;860px&#8221; module_alignment=&#8221;left&#8221; custom_margin=&#8221;||||false|false&#8221; custom_padding=&#8221;||||false|false&#8221; locked=&#8221;off&#8221; global_colors_info=&#8221;{}&#8221;]@ET-DC@eyJkeW5hbWljIjp0cnVlLCJjb250ZW50IjoicG9zdF9leGNlcnB0Iiwic2V0dGluZ3MiOnsiYmVmb3JlIjoiIiwiYWZ0ZXIiOiIiLCJ3b3JkcyI6IiIsInJlYWRfbW9yZV9sYWJlbCI6IiJ9fQ==@[\/et_pb_text][\/et_pb_column][\/et_pb_row][et_pb_row disabled_on=&#8221;on|on|off&#8221; admin_label=&#8221;H\u00e4r ligger vingen som bakgrund&#8221; _builder_version=&#8221;4.16&#8243; _module_preset=&#8221;default&#8221; background_image=&#8221;https:\/\/www.kvarken.org\/wp-content\/uploads\/2020\/12\/fair_vinge_webb_dark.png&#8221; background_size=&#8221;contain&#8221; background_position=&#8221;top_right&#8221; positioning=&#8221;absolute&#8221; position_origin_a=&#8221;top_right&#8221; width=&#8221;100%&#8221; max_width=&#8221;100%&#8221; min_height=&#8221;840px&#8221; height=&#8221;100%&#8221; custom_margin=&#8221;0px|0px|0px|0px|false|false&#8221; custom_padding=&#8221;0px|0px|0px|0px|false|false&#8221; filter_opacity_tablet=&#8221;60%&#8221; filter_opacity_phone=&#8221;&#8221; filter_opacity_last_edited=&#8221;on|phone&#8221; custom_css_main_element=&#8221;background-size: auto 100%!important;&#8221; global_colors_info=&#8221;{}&#8221;][et_pb_column type=&#8221;4_4&#8243; _builder_version=&#8221;4.16&#8243; _module_preset=&#8221;default&#8221; global_colors_info=&#8221;{}&#8221;][\/et_pb_column][\/et_pb_row][et_pb_row column_structure=&#8221;3_5,1_5,1_5&#8243; _builder_version=&#8221;4.23.1&#8243; _module_preset=&#8221;default&#8221; global_colors_info=&#8221;{}&#8221;][et_pb_column type=&#8221;3_5&#8243; _builder_version=&#8221;4.23.1&#8243; _module_preset=&#8221;default&#8221; global_colors_info=&#8221;{}&#8221;][et_pb_text admin_label=&#8221;Photo Eviation&#8221; _builder_version=&#8221;4.23.1&#8243; _module_preset=&#8221;default&#8221; text_font=&#8221;|300|||||||&#8221; text_font_size=&#8221;14px&#8221; global_colors_info=&#8221;{}&#8221;]<\/p>\n<p style=\"text-align: left;\">Kuva: Eviation<\/p>\n<p>[\/et_pb_text][\/et_pb_column][et_pb_column type=&#8221;1_5&#8243; _builder_version=&#8221;4.23.1&#8243; _module_preset=&#8221;default&#8221; global_colors_info=&#8221;{}&#8221;][\/et_pb_column][et_pb_column type=&#8221;1_5&#8243; _builder_version=&#8221;4.23.1&#8243; _module_preset=&#8221;default&#8221; global_colors_info=&#8221;{}&#8221;][\/et_pb_column][\/et_pb_row][\/et_pb_section][et_pb_section fb_built=&#8221;1&#8243; admin_label=&#8221;Sektion bild v\u00e4nster och text h\u00f6ger&#8221; _builder_version=&#8221;4.16&#8243; _module_preset=&#8221;default&#8221; custom_margin=&#8221;0px|0px|0px|0px|false|false&#8221; custom_padding=&#8221;0px|0px|0px|0px|false|false&#8221; collapsed=&#8221;off&#8221; global_colors_info=&#8221;{}&#8221;][et_pb_row column_structure=&#8221;1_2,1_2&#8243; use_custom_gutter=&#8221;on&#8221; gutter_width=&#8221;1&#8243; make_equal=&#8221;on&#8221; admin_label=&#8221;H\u00e4r ligger bilden som bakgrund&#8221; _builder_version=&#8221;4.23.1&#8243; _module_preset=&#8221;default&#8221; width=&#8221;100%&#8221; max_width=&#8221;100%&#8221; custom_margin=&#8221;0px|0px|0px|0px|false|false&#8221; custom_padding=&#8221;0px|0px|0px|0px|false|false&#8221; global_colors_info=&#8221;{}&#8221;][et_pb_column type=&#8221;1_2&#8243; _builder_version=&#8221;4.23.1&#8243; _module_preset=&#8221;default&#8221; background_image=&#8221;https:\/\/www.kvarken.org\/wp-content\/uploads\/2023\/11\/FAIR2_Bild_2_Lowres.jpg&#8221; custom_css_main_element=&#8221;display: block!important;||min-height: 600px!important;&#8221; global_colors_info=&#8221;{}&#8221;][\/et_pb_column][et_pb_column type=&#8221;1_2&#8243; _builder_version=&#8221;4.16&#8243; _module_preset=&#8221;default&#8221; custom_css_main_element=&#8221;display: flex;||justify-content: center;||align-items: center;&#8221; global_colors_info=&#8221;{}&#8221;][et_pb_text _builder_version=&#8221;4.23.1&#8243; _module_preset=&#8221;default&#8221; text_font=&#8221;|300|||||||&#8221; max_width=&#8221;1024px&#8221; custom_padding=&#8221;15%|15%|15%|15%|false|false&#8221; global_colors_info=&#8221;{}&#8221;]<\/p>\n<p><span class=\"apple-converted-space\"><span lang=\"FI\">FAIR 2 -hanke pyrkii parantamaan ymm\u00e4rryst\u00e4 kest\u00e4v\u00e4n alueellisen lent\u00e4misen kysynn\u00e4st\u00e4 valtiorajat ylitt\u00e4v\u00e4st\u00e4 n\u00e4k\u00f6kulmasta.<\/span><\/span> <span lang=\"FI\">T\u00e4m\u00e4 ymm\u00e4rrys on olennaisessa osassa hyvin perusteltujen, pitk\u00e4aikaisten p\u00e4\u00e4t\u00f6sten tekemisess\u00e4 kest\u00e4v\u00e4n alueellisen lentoliikennej\u00e4rjestelm\u00e4n luomiseksi pohjoiseen Pohjolaan.<\/span><\/p>\n<p>[\/et_pb_text][\/et_pb_column][\/et_pb_row][\/et_pb_section][et_pb_section fb_built=&#8221;1&#8243; admin_label=&#8221;Sektion bl\u00e5 med karta&#8221; _builder_version=&#8221;4.16&#8243; _module_preset=&#8221;default&#8221; background_color=&#8221;#002A3C&#8221; custom_margin=&#8221;0px|0px|0px|0px|false|false&#8221; custom_padding=&#8221;0px|0px|0px|0px|false|false&#8221; global_colors_info=&#8221;{}&#8221;][et_pb_row column_structure=&#8221;1_2,1_2&#8243; use_custom_gutter=&#8221;on&#8221; gutter_width=&#8221;1&#8243; make_equal=&#8221;on&#8221; _builder_version=&#8221;4.16&#8243; _module_preset=&#8221;default&#8221; width=&#8221;100%&#8221; max_width=&#8221;100%&#8221; module_alignment=&#8221;right&#8221; custom_margin=&#8221;0px|0px|0px|0px|false|false&#8221; custom_padding=&#8221;0px|0px|0px|0px|false|false&#8221; global_colors_info=&#8221;{}&#8221;][et_pb_column type=&#8221;1_2&#8243; _builder_version=&#8221;4.16&#8243; _module_preset=&#8221;default&#8221; custom_css_main_element=&#8221;display: flex;||justify-content: center;||align-items: center;&#8221; global_colors_info=&#8221;{}&#8221;][et_pb_text _builder_version=&#8221;4.23.1&#8243; _module_preset=&#8221;default&#8221; text_font=&#8221;|300|||||||&#8221; text_text_color=&#8221;#ffffff&#8221; header_2_text_color=&#8221;#ffffff&#8221; header_3_text_color=&#8221;#FFFFFF&#8221; width_tablet=&#8221;&#8221; width_phone=&#8221;100%&#8221; width_last_edited=&#8221;on|phone&#8221; max_width=&#8221;1024px&#8221; custom_margin_tablet=&#8221;&#8221; custom_margin_phone=&#8221;&#8221; custom_margin_last_edited=&#8221;on|phone&#8221; custom_padding=&#8221;15%|15%|15%|15%|false|false&#8221; global_colors_info=&#8221;{}&#8221;]<\/p>\n<h3>HANKKEEN MAANTIEDE<\/h3>\n<p>FAIR 2 -hankkeen tutkimusalue (merkitty oranssilla kartassa) rajoittuu maantieteellisesti Merenkurkun neuvosto EAYY:n j\u00e4senalueisiin Suomessa ja Ruotsissa sek\u00e4 Luulajan kuntaan Ruotsissa.<\/p>\n<p>Viittaamme hankkeessa t\u00e4h\u00e4n tutkimusalueeseen pohjoisena Pohjolana.<\/p>\n<p>&nbsp;<\/p>\n<p>[\/et_pb_text][\/et_pb_column][et_pb_column type=&#8221;1_2&#8243; _builder_version=&#8221;4.16&#8243; _module_preset=&#8221;default&#8221; global_colors_info=&#8221;{}&#8221;][et_pb_image src=&#8221;https:\/\/www.kvarken.org\/wp-content\/uploads\/2023\/11\/FAIR2_karta_lulea_okt_2023_v002_RGB.jpg&#8221; alt=&#8221;FAIR karta&#8221; title_text=&#8221;FAIR2_karta_lulea_okt_2023_v002_RGB&#8221; admin_label=&#8221;Karta Bild&#8221; _builder_version=&#8221;4.23.1&#8243; _module_preset=&#8221;default&#8221; global_colors_info=&#8221;{}&#8221;][\/et_pb_image][\/et_pb_column][\/et_pb_row][\/et_pb_section][et_pb_section fb_built=&#8221;1&#8243; disabled_on=&#8221;off|off|off&#8221; admin_label=&#8221;Sektion BOLLARNA&#8221; _builder_version=&#8221;4.16&#8243; _module_preset=&#8221;default&#8221; background_color=&#8221;#E1DFD9&#8243; global_colors_info=&#8221;{}&#8221;][et_pb_row _builder_version=&#8221;4.16&#8243; _module_preset=&#8221;default&#8221; global_colors_info=&#8221;{}&#8221;][et_pb_column type=&#8221;4_4&#8243; _builder_version=&#8221;4.16&#8243; _module_preset=&#8221;default&#8221; global_colors_info=&#8221;{}&#8221;][et_pb_text admin_label=&#8221;Rubrik&#8221; _builder_version=&#8221;4.23.1&#8243; _module_preset=&#8221;default&#8221; text_orientation=&#8221;center&#8221; global_colors_info=&#8221;{}&#8221;]<\/p>\n<h2 style=\"text-align: center;\">HANKKEEN YHTEENVETO<\/h2>\n<p>[\/et_pb_text][et_pb_text _builder_version=&#8221;4.23.1&#8243; _module_preset=&#8221;default&#8221; custom_margin=&#8221;|60px||60px|false|false&#8221; custom_margin_tablet=&#8221;|0px||0px|false|false&#8221; custom_margin_phone=&#8221;|0px||0px|false|false&#8221; custom_margin_last_edited=&#8221;on|phone&#8221; global_colors_info=&#8221;{}&#8221;]<\/p>\n<p style=\"text-align: center;\">Hanke on jatkoa ja seuraava strateginen askel kumppanuuden nykyiselle tavoitteelle muodostua kest\u00e4v\u00e4n alueellisen lent\u00e4misen uranuurtajaksi. Kokonaistavoite jaetaan kahteen osatavoitteeseen:<\/p>\n<p>[\/et_pb_text][\/et_pb_column][\/et_pb_row][et_pb_row column_structure=&#8221;1_2,1_2&#8243; admin_label=&#8221;Bollarna&#8221; module_class=&#8221;work-packages-wrapper&#8221; _builder_version=&#8221;4.16&#8243; _module_preset=&#8221;default&#8221; global_colors_info=&#8221;{}&#8221;][et_pb_column type=&#8221;1_2&#8243; module_class=&#8221;work-package-circle grey&#8221; _builder_version=&#8221;4.16&#8243; _module_preset=&#8221;default&#8221; global_colors_info=&#8221;{}&#8221;][et_pb_text _builder_version=&#8221;4.23.1&#8243; _module_preset=&#8221;default&#8221; text_font=&#8221;|300|||||||&#8221; text_text_color=&#8221;#ffffff&#8221; header_3_text_color=&#8221;#FFFFFF&#8221; text_orientation=&#8221;center&#8221; max_width=&#8221;80%&#8221; global_colors_info=&#8221;{}&#8221;]<\/p>\n<h3>1.<\/h3>\n<p><span lang=\"FI\">Lis\u00e4t\u00e4 ymm\u00e4rryst\u00e4 kest\u00e4v\u00e4n alueellisen lentoliikenteen kysynn\u00e4st\u00e4. <\/span><\/p>\n<p>&nbsp;<\/p>\n<p>[\/et_pb_text][\/et_pb_column][et_pb_column type=&#8221;1_2&#8243; module_class=&#8221;work-package-circle turqouise&#8221; _builder_version=&#8221;4.16&#8243; _module_preset=&#8221;default&#8221; global_colors_info=&#8221;{}&#8221;][et_pb_text _builder_version=&#8221;4.23.1&#8243; _module_preset=&#8221;default&#8221; text_font=&#8221;|300|||||||&#8221; text_text_color=&#8221;#ffffff&#8221; header_3_text_color=&#8221;#FFFFFF&#8221; text_orientation=&#8221;center&#8221; max_width=&#8221;80%&#8221; locked=&#8221;off&#8221; global_colors_info=&#8221;{}&#8221;]<\/p>\n<h3>2.<\/h3>\n<p><span lang=\"FI\">Lis\u00e4t\u00e4 tietoisuutta kest\u00e4v\u00e4n alueellisen lent\u00e4misen tarjoamista mahdollisuuksista asukkaiden, yritysten ja viranomaisten keskuudessa pohjoisessa Pohjolassa.<\/span><\/p>\n<p>[\/et_pb_text][et_pb_text disabled_on=&#8221;on|on|on&#8221; _builder_version=&#8221;4.23.1&#8243; _module_preset=&#8221;default&#8221; text_font=&#8221;|300|||||||&#8221; text_text_color=&#8221;#ffffff&#8221; text_orientation=&#8221;center&#8221; max_width=&#8221;80%&#8221; disabled=&#8221;on&#8221; locked=&#8221;off&#8221; global_colors_info=&#8221;{}&#8221;]<strong>INCREASED CONNECTIVITY<\/strong>[\/et_pb_text][\/et_pb_column][\/et_pb_row][\/et_pb_section][et_pb_section fb_built=&#8221;1&#8243; admin_label=&#8221;Sektion COMMON CHALLENGES&#8221; _builder_version=&#8221;4.16&#8243; _module_preset=&#8221;default&#8221; background_enable_color=&#8221;off&#8221; custom_margin=&#8221;0px|0px|0px|0px|false|false&#8221; custom_padding=&#8221;0px|0px|0px|0px|false|false&#8221; global_colors_info=&#8221;{}&#8221;][et_pb_row column_structure=&#8221;1_2,1_2&#8243; use_custom_gutter=&#8221;on&#8221; gutter_width=&#8221;1&#8243; make_equal=&#8221;on&#8221; _builder_version=&#8221;4.16&#8243; _module_preset=&#8221;default&#8221; width=&#8221;100%&#8221; max_width=&#8221;100%&#8221; module_alignment=&#8221;right&#8221; custom_margin=&#8221;0px|0px|0px|0px|false|false&#8221; custom_padding=&#8221;0px|0px|0px|0px|false|false&#8221; global_colors_info=&#8221;{}&#8221;][et_pb_column type=&#8221;1_2&#8243; _builder_version=&#8221;4.16&#8243; _module_preset=&#8221;default&#8221; custom_css_main_element=&#8221;display: flex;||justify-content: center;||align-items: center;&#8221; global_colors_info=&#8221;{}&#8221;][et_pb_text _builder_version=&#8221;4.23.1&#8243; _module_preset=&#8221;default&#8221; text_font=&#8221;|300|||||||&#8221; text_text_color=&#8221;#000000&#8243; header_3_text_color=&#8221;#000000&#8243; max_width=&#8221;1024px&#8221; min_height=&#8221;1017.3px&#8221; custom_padding=&#8221;15%|15%|15%|15%|false|false&#8221; global_colors_info=&#8221;{}&#8221;]<\/p>\n<h3>YHTEISET HAASTEET<\/h3>\n<p>Kysynt\u00e4tutkimuksen tavoitteena on saada parempi k\u00e4sitys alueellisen lent\u00e4misen kysynn\u00e4st\u00e4 ja asenteista nollap\u00e4\u00e4st\u00f6isi\u00e4 lentovaihtoehtoja kohtaan.<\/p>\n<p>Tutkimuksessa analysoidaan alueen nykyisi\u00e4 matkustusmalleja sek\u00e4 asukkaiden, yksityissektorin yritysten ja julkisen sektorin organisaatioiden kysynt\u00e4\u00e4 ja asenteita. Tutkimusv\u00e4linein\u00e4 k\u00e4ytet\u00e4\u00e4n tietojen kartoitusta, kyselyj\u00e4 ja haastatteluja.<\/p>\n<h3>OLEMASSA OLEVA JA POTENTIAALINEN KYSYNT\u00c4<\/h3>\n<p>Tulokset koostetaan raporttiin, joka pyrkii antamaan laajemman k\u00e4sityksen kest\u00e4v\u00e4n lent\u00e4misen kysynn\u00e4st\u00e4. Raportissa tiivistet\u00e4\u00e4n sek\u00e4 olemassa oleva ett\u00e4 potentiaalinen kysynt\u00e4. N\u00e4iden pohjalta tehd\u00e4\u00e4n analyysi kest\u00e4v\u00e4n alueellisen lent\u00e4misen potentiaalista alueella. Analyysissa hahmotellaan uusien reittien tai verkostojen kaupallisen kannattavuuden ja\/tai julkisten hy\u00f6tyjen vaikutukset.<\/p>\n<h3>P\u00c4\u00c4TAVOITE<\/h3>\n<p>FAIR 2 -hankkeen p\u00e4\u00e4tavoitteena on syvent\u00e4\u00e4 tiet\u00e4myst\u00e4 kest\u00e4v\u00e4n alueellisen lent\u00e4misen kysynn\u00e4st\u00e4. Tulevan tutkimuksen tulokset muodostavat perustan p\u00e4\u00e4t\u00f6ksille siit\u00e4, miten alueelliset toimijat jatkavat ty\u00f6skentely\u00e4 kest\u00e4v\u00e4n ilmailuteknologian k\u00e4ytt\u00f6\u00f6nottoa tukevien toimenpiteiden parissa. T\u00e4h\u00e4n voi kuulua esimerkiksi parhaan liiketoimintamallin l\u00f6yt\u00e4minen alueen tarpeisiin (kaupallinen vai hankittu liikenne, reitti- vai tilausliikenne jne.) sek\u00e4 lentokentt\u00e4infrastruktuurin tai droonien ja pystysuoraan nousevien lentokoneiden (eVTOL) infrastruktuurin mitoituksen ymm\u00e4rt\u00e4minen.<\/p>\n<p>Valmistelemme aluettamme, jotta voimme siirty\u00e4 kest\u00e4v\u00e4\u00e4n lentoliikenteeseen heti kun ymp\u00e4rist\u00f6yst\u00e4v\u00e4llisten lentomatkustustapojen sertifiointiprosessi valmistuu 2020-luvun lopussa.<\/p>\n<p>[\/et_pb_text][\/et_pb_column][et_pb_column type=&#8221;1_2&#8243; _builder_version=&#8221;4.16&#8243; _module_preset=&#8221;default&#8221; global_colors_info=&#8221;{}&#8221;][et_pb_image src=&#8221;https:\/\/www.kvarken.org\/wp-content\/uploads\/2023\/11\/FAIR2_Bild_2_Lowres.jpg&#8221; title_text=&#8221;FAIR2_Bild_2_Lowres&#8221; disabled_on=&#8221;on|on|on&#8221; _builder_version=&#8221;4.23.1&#8243; _module_preset=&#8221;default&#8221; custom_margin=&#8221;0px|0px|0px|0px|false|false&#8221; custom_padding=&#8221;0px|0px|0px|0px|false|false&#8221; disabled=&#8221;on&#8221; global_colors_info=&#8221;{}&#8221;][\/et_pb_image][et_pb_image src=&#8221;https:\/\/www.kvarken.org\/wp-content\/uploads\/2023\/11\/FAIR2_Bild_7_Lowres.jpg&#8221; title_text=&#8221;FAIR2_Bild_7_Lowres&#8221; _builder_version=&#8221;4.23.1&#8243; _module_preset=&#8221;default&#8221; global_colors_info=&#8221;{}&#8221;][\/et_pb_image][\/et_pb_column][\/et_pb_row][\/et_pb_section][et_pb_section fb_built=&#8221;1&#8243; disabled_on=&#8221;off|off|off&#8221; admin_label=&#8221;Sektion BACKGROUND&#8221; _builder_version=&#8221;4.16&#8243; _module_preset=&#8221;default&#8221; background_enable_color=&#8221;off&#8221; custom_margin=&#8221;0px|0px|0px|0px|false|false&#8221; custom_padding=&#8221;0px|0px|0px|0px|false|false&#8221; global_colors_info=&#8221;{}&#8221;][et_pb_row column_structure=&#8221;1_2,1_2&#8243; use_custom_gutter=&#8221;on&#8221; gutter_width=&#8221;1&#8243; make_equal=&#8221;on&#8221; _builder_version=&#8221;4.16&#8243; _module_preset=&#8221;default&#8221; width=&#8221;100%&#8221; max_width=&#8221;100%&#8221; module_alignment=&#8221;right&#8221; custom_margin=&#8221;0px|0px|0px|0px|false|false&#8221; custom_padding=&#8221;0px|0px|0px|0px|false|false&#8221; global_colors_info=&#8221;{}&#8221;][et_pb_column type=&#8221;1_2&#8243; _builder_version=&#8221;4.16&#8243; _module_preset=&#8221;default&#8221; global_colors_info=&#8221;{}&#8221;][et_pb_image src=&#8221;https:\/\/www.kvarken.org\/wp-content\/uploads\/2023\/11\/FAIR2_Bild_5_Lowres.jpg&#8221; title_text=&#8221;FAIR2_Bild_5_Lowres&#8221; _builder_version=&#8221;4.23.1&#8243; _module_preset=&#8221;default&#8221; custom_margin=&#8221;0px|0px|0px|0px|false|false&#8221; custom_padding=&#8221;0px|0px|0px|0px|false|false&#8221; global_colors_info=&#8221;{}&#8221;][\/et_pb_image][\/et_pb_column][et_pb_column type=&#8221;1_2&#8243; _builder_version=&#8221;4.16&#8243; _module_preset=&#8221;default&#8221; custom_css_main_element=&#8221;display: flex;||justify-content: center;||align-items: center;&#8221; global_colors_info=&#8221;{}&#8221;][et_pb_text _builder_version=&#8221;4.23.1&#8243; _module_preset=&#8221;default&#8221; text_font=&#8221;|300|||||||&#8221; text_text_color=&#8221;#000000&#8243; header_3_text_color=&#8221;#000000&#8243; max_width=&#8221;1024px&#8221; min_height=&#8221;618.3px&#8221; custom_margin=&#8221;||||false|false&#8221; custom_margin_tablet=&#8221;||0px||false|false&#8221; custom_margin_phone=&#8221;&#8221; custom_margin_last_edited=&#8221;on|tablet&#8221; custom_padding=&#8221;15%|15%|15%|15%|false|false&#8221; global_colors_info=&#8221;{}&#8221;]<\/p>\n<h3>TAUSTA<\/h3>\n<p>FAIR-hankkeet ovat edell\u00e4k\u00e4vij\u00f6it\u00e4 alueellisen ja rajat ylitt\u00e4v\u00e4n lentoliikenteen muuttamisessa ymp\u00e4rist\u00f6yst\u00e4v\u00e4llisemm\u00e4ksi. N\u00e4m\u00e4 hankkeet ovat suuria askeleita meille Merenkurkun alueella ja pohjoisessa Pohjolassa pyrkimyksiss\u00e4mme k\u00e4ytt\u00e4\u00e4 alueellamme vihreit\u00e4 lentomatkustustapoja. Tavoitteenamme on siirty\u00e4 ensimm\u00e4isten joukossa t\u00e4llaiseen lentomatkustukseen heti kun sertifioinnit valmistuvat.<\/p>\n<h3>AIEMPI KEHITYSHANKE<\/h3>\n<h3>FAIR<\/h3>\n<p>Alkuper\u00e4inen FAIR-hanke paransi tiet\u00e4myst\u00e4 s\u00e4hk\u00f6isest\u00e4 lent\u00e4misest\u00e4 ja sen mahdollisista vaikutuksista sek\u00e4 Merenkurkun alueelle Suomessa ja Ruotsissa ett\u00e4 Nordlandiin Norjassa. Hankkeen tulokset viittasivat merkitt\u00e4viin etuihin, kuten matka-aikojen lyhentymiseen, p\u00e4\u00e4st\u00f6jen v\u00e4henemiseen ja mahdollisiin kustannuss\u00e4\u00e4st\u00f6ihin, jotka yhdess\u00e4 voisivat vahvistaa siteit\u00e4 rajat ylitt\u00e4v\u00e4ll\u00e4 alueella.<\/p>\n<p>Hanke ehdotti n\u00e4iden oivallusten pohjalta alueellisille sidosryhmille toimenpiteit\u00e4 s\u00e4hk\u00f6isen lent\u00e4misen varhaiseen k\u00e4ytt\u00f6\u00f6nottoon. Useat ehdotetuista toimenpiteist\u00e4 kuitenkin vaativat parempaa tietoa mitoittamista varten. Kysynt\u00e4\u00e4 koskevan tiedon tuottaminen on EU:n Interreg-ohjelmaan kuuluvan FAIR 2 -hankkeen p\u00e4\u00e4teht\u00e4v\u00e4.<\/p>\n<p>Lue lis\u00e4\u00e4 aiemmasta FAIR-hankkeesta <a href=\"https:\/\/www.kvarken.org\/fi\/hankkeet\/fair\/\">t\u00e4\u00e4lt\u00e4<\/a>. Loppuraportti ja ehdotetut toimenpiteet l\u00f6ytyv\u00e4t <a href=\"https:\/\/www.kvarken.org\/wp-content\/uploads\/2022\/09\/FAIR_Slutrapport_A4_Aug_2022_v002_DIGITAL.pdf\">t\u00e4\u00e4lt\u00e4<\/a><u>.<\/u><\/p>\n<p>[\/et_pb_text][\/et_pb_column][\/et_pb_row][\/et_pb_section][et_pb_section fb_built=&#8221;1&#8243; disabled_on=&#8221;off|off|off&#8221; admin_label=&#8221;Sektion FACTS&#8221; _builder_version=&#8221;4.16&#8243; _module_preset=&#8221;default&#8221; background_color=&#8221;#5A9AB0&#8243; global_colors_info=&#8221;{}&#8221;][et_pb_row _builder_version=&#8221;4.16&#8243; _module_preset=&#8221;default&#8221; global_colors_info=&#8221;{}&#8221;][et_pb_column type=&#8221;4_4&#8243; _builder_version=&#8221;4.16&#8243; _module_preset=&#8221;default&#8221; global_colors_info=&#8221;{}&#8221;][et_pb_text _builder_version=&#8221;4.27.4&#8243; _module_preset=&#8221;default&#8221; text_font=&#8221;|300|||||||&#8221; text_text_color=&#8221;#ffffff&#8221; header_text_color=&#8221;#ffffff&#8221; header_2_text_color=&#8221;#ffffff&#8221; width_tablet=&#8221;&#8221; width_phone=&#8221;100%&#8221; width_last_edited=&#8221;on|phone&#8221; max_width=&#8221;840px&#8221; custom_padding=&#8221;||||false|false&#8221; global_colors_info=&#8221;{}&#8221;]<\/p>\n<h2>HANKKEESTA<\/h2>\n<div><b><span lang=\"FI\">Hankeaika:<\/span><\/b> 1.6.2023\u201331.3.2025.<\/div>\n<p><strong>Budjetti:<\/strong> 450 430 euroa.<\/p>\n<p>Hankkeen kokonaisbudjetti on 450\u00a0430\u00a0euroa, josta 292\u00a0780\u00a0euroa on EU-rahoitusta Interreg Aurora\u00a0-ohjelman kautta. Loppurahoitus tulee Suomen kansallisesta ja Ruotsin alueellisesta vastinrahoituksesta, Pohjoismaiden ministerineuvostolta sek\u00e4 kunnallisesta ja yksityisest\u00e4 vastinrahoituksesta.<\/p>\n<p>[\/et_pb_text][et_pb_text _builder_version=&#8221;4.23.1&#8243; _module_preset=&#8221;default&#8221; text_font=&#8221;|300|||||||&#8221; text_text_color=&#8221;#ffffff&#8221; header_2_text_color=&#8221;#FFFFFF&#8221; header_3_text_color=&#8221;#FFFFFF&#8221; max_width=&#8221;840px&#8221; locked=&#8221;off&#8221; global_colors_info=&#8221;{}&#8221;]<\/p>\n<h2>HANKEKUMPPANUUS<\/h2>\n<p><b>P\u00c4\u00c4VASTAAVA<br \/><\/b><span lang=\"FI\">Merenkurkun neuvosto EAYY (ainoa tuensaaja, EAYY).<\/span><\/p>\n<p><strong>RAHOITTAJAT<\/strong><br \/>Interreg Aurora, Lapin liitto, Merenkurkun neuvosto EAYY, KOY Kruunupyyn Lentohalli, Vaasanseudun Kehitys Oy VASEK, Uumajan kunta, Skellefte\u00e5n lentoasema, Skellefte\u00e5 Kraft, Lule\u00e5 Business Region, Sundsvallin kunta, Into Sein\u00e4joki, V\u00e4sterbottenin l\u00e4\u00e4ninhallitus, \u00d6rnsk\u00f6ldsvikin kunta, Lyckselen kunta, Region V\u00e4sterbotten, MidtSkandia.<\/p>\n<p>[\/et_pb_text][\/et_pb_column][\/et_pb_row][\/et_pb_section][et_pb_section fb_built=&#8221;1&#8243; disabled_on=&#8221;on|on|on&#8221; admin_label=&#8221;Sektion PROJECT PARTNERSHIP&#8221; _builder_version=&#8221;4.16&#8243; _module_preset=&#8221;default&#8221; background_color=&#8221;#002A3C&#8221; custom_margin=&#8221;||||false|false&#8221; custom_padding=&#8221;||||false|false&#8221; disabled=&#8221;on&#8221; global_colors_info=&#8221;{}&#8221;][et_pb_row column_structure=&#8221;1_2,1_2&#8243; _builder_version=&#8221;4.16&#8243; _module_preset=&#8221;default&#8221; global_colors_info=&#8221;{}&#8221;][et_pb_column type=&#8221;1_2&#8243; _builder_version=&#8221;4.16&#8243; _module_preset=&#8221;default&#8221; global_colors_info=&#8221;{}&#8221;][et_pb_text _builder_version=&#8221;4.23.1&#8243; _module_preset=&#8221;default&#8221; text_font=&#8221;|300|||||||&#8221; text_text_color=&#8221;#ffffff&#8221; locked=&#8221;off&#8221; global_colors_info=&#8221;{}&#8221;]<strong>PROJECT PARTNERSHIP<\/strong><\/p>\n<p>LEAD PARTNER EU<\/p>\n<p>Kvarken Council EGTC (sole beneficiary, EGTC)[\/et_pb_text][\/et_pb_column][et_pb_column type=&#8221;1_2&#8243; _builder_version=&#8221;4.16&#8243; _module_preset=&#8221;default&#8221; global_colors_info=&#8221;{}&#8221;][et_pb_text _builder_version=&#8221;4.23.1&#8243; _module_preset=&#8221;default&#8221; text_font=&#8221;|300|||||||&#8221; text_text_color=&#8221;#ffffff&#8221; global_colors_info=&#8221;{}&#8221;]<\/p>\n<p><strong>FINANCIERS<\/strong><br \/>Interreg Aurora, Regional Council of Lapland, Kvarken Council EGTC, FAB Kronoby Flyghangar, Vaasa Region Development Company VASEK, Ume\u00e5 Municipality, Skellefte\u00e5 Airport, Skellefte\u00e5 Kraft, Lule\u00e5 Business Region, Sundsvall Municipality, Into Sein\u00e4joki, L\u00e4nsstyrelsen V\u00e4sterbotten, \u00d6rnsk\u00f6ldsvik Municipality, Lycksele Municipality, Region V\u00e4sterbotten, MidtSkandia.<\/p>\n<p>[\/et_pb_text][\/et_pb_column][\/et_pb_row][\/et_pb_section][et_pb_section fb_built=&#8221;1&#8243; admin_label=&#8221;Sektion LOGGOR&#8221; _builder_version=&#8221;4.16&#8243; _module_preset=&#8221;default&#8221; global_colors_info=&#8221;{}&#8221;][et_pb_row _builder_version=&#8221;4.23.1&#8243; _module_preset=&#8221;default&#8221; global_colors_info=&#8221;{}&#8221;][et_pb_column type=&#8221;4_4&#8243; _builder_version=&#8221;4.23.1&#8243; _module_preset=&#8221;default&#8221; global_colors_info=&#8221;{}&#8221;][et_pb_image src=&#8221;https:\/\/www.kvarken.org\/wp-content\/uploads\/2023\/01\/AURORA-Pantone-Color.png&#8221; title_text=&#8221;Untitled design (19)&#8221; align=&#8221;center&#8221; src_tablet=&#8221;https:\/\/www.kvarken.org\/wp-content\/uploads\/2023\/09\/Untitled-design-19.png&#8221; src_phone=&#8221;https:\/\/www.kvarken.org\/wp-content\/uploads\/2023\/09\/Untitled-design-19.png&#8221; src_last_edited=&#8221;on|phone&#8221; admin_label=&#8221;Interreg logotyp&#8221; _builder_version=&#8221;4.23.1&#8243; _module_preset=&#8221;default&#8221; max_width=&#8221;800px&#8221; global_colors_info=&#8221;{}&#8221;][\/et_pb_image][\/et_pb_column][\/et_pb_row][et_pb_row column_structure=&#8221;1_4,1_4,1_4,1_4&#8243; disabled_on=&#8221;on|on|off&#8221; _builder_version=&#8221;4.16&#8243; _module_preset=&#8221;default&#8221; global_colors_info=&#8221;{}&#8221;][et_pb_column type=&#8221;1_4&#8243; _builder_version=&#8221;4.16&#8243; _module_preset=&#8221;default&#8221; global_colors_info=&#8221;{}&#8221;][\/et_pb_column][et_pb_column type=&#8221;1_4&#8243; _builder_version=&#8221;4.16&#8243; _module_preset=&#8221;default&#8221; global_colors_info=&#8221;{}&#8221;][et_pb_image src=&#8221;https:\/\/www.kvarken.org\/wp-content\/uploads\/2023\/11\/FAIR2_logo_tagline_black_large.png&#8221; title_text=&#8221;FAIR2_logo_tagline_black_large&#8221; align=&#8221;center&#8221; admin_label=&#8221;FAIR logotyp&#8221; _builder_version=&#8221;4.23.1&#8243; _module_preset=&#8221;default&#8221; width=&#8221;100%&#8221; global_colors_info=&#8221;{}&#8221;][\/et_pb_image][\/et_pb_column][et_pb_column type=&#8221;1_4&#8243; _builder_version=&#8221;4.16&#8243; _module_preset=&#8221;default&#8221; global_colors_info=&#8221;{}&#8221;][et_pb_image src=&#8221;https:\/\/www.kvarken.org\/wp-content\/uploads\/2020\/11\/Kvarkenra\u030adet-Merenkurkun-neuvosto-tunnus-RGB.png&#8221; title_text=&#8221;Kvarkenra\u030adet-Merenkurkun-neuvosto-tunnus-RGB&#8221; align=&#8221;center&#8221; admin_label=&#8221;Kvarkenr\u00e5det logotyp&#8221; _builder_version=&#8221;4.23.1&#8243; _module_preset=&#8221;default&#8221; width=&#8221;70%&#8221; global_colors_info=&#8221;{}&#8221;][\/et_pb_image][\/et_pb_column][et_pb_column type=&#8221;1_4&#8243; _builder_version=&#8221;4.16&#8243; _module_preset=&#8221;default&#8221; global_colors_info=&#8221;{}&#8221;][\/et_pb_column][\/et_pb_row][\/et_pb_section][et_pb_section fb_built=&#8221;1&#8243; admin_label=&#8221;Sektion SUSTAINABLE&#8221; _builder_version=&#8221;4.23.1&#8243; _module_preset=&#8221;default&#8221; background_color=&#8221;#e1dfd9&#8243; global_colors_info=&#8221;{}&#8221;][et_pb_row _builder_version=&#8221;4.23.1&#8243; _module_preset=&#8221;default&#8221; global_colors_info=&#8221;{}&#8221;][et_pb_column type=&#8221;4_4&#8243; _builder_version=&#8221;4.23.1&#8243; _module_preset=&#8221;default&#8221; global_colors_info=&#8221;{}&#8221;][et_pb_text admin_label=&#8221;Rubrik&#8221; _builder_version=&#8221;4.23.1&#8243; _module_preset=&#8221;default&#8221; text_orientation=&#8221;center&#8221; global_colors_info=&#8221;{}&#8221;]<\/p>\n<h2 style=\"text-align: center;\"><span lang=\"FI\">KEST\u00c4V\u00c4N KEHITYKSEN TAVOITTEEMME<\/span><\/h2>\n<p>[\/et_pb_text][et_pb_text _builder_version=&#8221;4.23.1&#8243; _module_preset=&#8221;default&#8221; text_font=&#8221;|300|||||||&#8221; global_colors_info=&#8221;{}&#8221;]<\/p>\n<p style=\"text-align: center;\">Sosiaalisesti, ekologisesti ja taloudellisesti kest\u00e4v\u00e4 kehitys on Interreg Aurora -ohjelman keskeinen tavoite. Ohjelman hyv\u00e4ksym\u00e4n\u00e4 hankkeena osallistumme aktiivisesti kest\u00e4v\u00e4n kehityksen edist\u00e4miseen. FAIR 2 -hanke tukee ensisijaisesti seuraavia YK:n kest\u00e4v\u00e4n kehityksen tavoitteita:<\/p>\n<p>[\/et_pb_text][\/et_pb_column][\/et_pb_row][et_pb_row column_structure=&#8221;1_2,1_2&#8243; _builder_version=&#8221;4.23.1&#8243; _module_preset=&#8221;default&#8221; global_colors_info=&#8221;{}&#8221;][et_pb_column type=&#8221;1_2&#8243; _builder_version=&#8221;4.20.4&#8243; _module_preset=&#8221;default&#8221; global_colors_info=&#8221;{}&#8221;][et_pb_image src=&#8221;https:\/\/www.kvarken.org\/wp-content\/uploads\/2023\/11\/E-WEB-Goal-09.png&#8221; title_text=&#8221;E-WEB-Goal-09&#8243; align=&#8221;center&#8221; admin_label=&#8221;Bild goal 9&#8243; _builder_version=&#8221;4.23.1&#8243; _module_preset=&#8221;default&#8221; width=&#8221;200px&#8221; global_colors_info=&#8221;{}&#8221;][\/et_pb_image][et_pb_text _builder_version=&#8221;4.23.1&#8243; _module_preset=&#8221;default&#8221; text_font=&#8221;|300|||||||&#8221; global_colors_info=&#8221;{}&#8221;]<\/p>\n<p style=\"text-align: center;\"><strong><span class=\"normaltextrun\"><span lang=\"FI\">Maailmanlaajuinen tavoite 9 \u2013 Kest\u00e4v\u00e4\u00e4 teollisuutta, innovaatioita ja infrastruktuureja<\/span><\/span><\/strong><\/p>\n<p style=\"text-align: center;\">T\u00e4m\u00e4 perustuu hankkeen tavoitteeseen mahdollistaa innovatiivinen liikenne sek\u00e4 vahvistaa liikenneinfrastruktuuria kartoittamalla kysynt\u00e4\u00e4 ja tarjoamalla parempia olosuhteita toteutukselle.<\/p>\n<p>[\/et_pb_text][\/et_pb_column][et_pb_column type=&#8221;1_2&#8243; _builder_version=&#8221;4.20.4&#8243; _module_preset=&#8221;default&#8221; global_colors_info=&#8221;{}&#8221;][et_pb_image src=&#8221;https:\/\/www.kvarken.org\/wp-content\/uploads\/2023\/11\/E-WEB-Goal-13.png&#8221; title_text=&#8221;E-WEB-Goal-13&#8243; align=&#8221;center&#8221; admin_label=&#8221;Bild goal 13&#8243; _builder_version=&#8221;4.23.1&#8243; _module_preset=&#8221;default&#8221; width=&#8221;200px&#8221; global_colors_info=&#8221;{}&#8221;][\/et_pb_image][et_pb_text _builder_version=&#8221;4.23.1&#8243; _module_preset=&#8221;default&#8221; text_font=&#8221;|300|||||||&#8221; global_colors_info=&#8221;{}&#8221;]<\/p>\n<p style=\"text-align: center;\"><strong><span class=\"normaltextrun\"><span lang=\"FI\">Maailmanlaajuinen tavoite 13 \u2013 Ilmastotekoja<\/span><\/span><\/strong><\/p>\n<p style=\"text-align: center;\">T\u00e4m\u00e4 perustuu siihen, ett\u00e4 hanke on suunnattu s\u00e4hk\u00f6iseen ja kest\u00e4v\u00e4\u00e4n ilmaliikenteeseen, joka voi auttaa v\u00e4hent\u00e4m\u00e4\u00e4n liikennesektorin p\u00e4\u00e4st\u00f6j\u00e4.<\/p>\n<p>[\/et_pb_text][\/et_pb_column][\/et_pb_row][\/et_pb_section][et_pb_section fb_built=&#8221;1&#8243; disabled_on=&#8221;off|off|off&#8221; admin_label=&#8221;Infosheets&#8221; _builder_version=&#8221;4.16&#8243; _module_preset=&#8221;default&#8221; background_color=&#8221;#A7B5B9&#8243; locked=&#8221;off&#8221; collapsed=&#8221;off&#8221; global_colors_info=&#8221;{}&#8221;][et_pb_row _builder_version=&#8221;4.16&#8243; _module_preset=&#8221;default&#8221; max_width=&#8221;1680px&#8221; global_colors_info=&#8221;{}&#8221;][et_pb_column type=&#8221;4_4&#8243; _builder_version=&#8221;4.16&#8243; _module_preset=&#8221;default&#8221; global_colors_info=&#8221;{}&#8221;][et_pb_text _builder_version=&#8221;4.25.0&#8243; _module_preset=&#8221;default&#8221; text_font=&#8221;|300|||||||&#8221; text_font_size=&#8221;42px&#8221; text_line_height=&#8221;1.3em&#8221; header_2_font=&#8221;|300|||||||&#8221; header_2_font_size=&#8221;42px&#8221; text_orientation=&#8221;center&#8221; module_alignment=&#8221;center&#8221; header_2_font_size_tablet=&#8221;&#8221; header_2_font_size_phone=&#8221;&#8221; header_2_font_size_last_edited=&#8221;on|phone&#8221; locked=&#8221;off&#8221; global_colors_info=&#8221;{}&#8221;]<\/p>\n<h2>Aiheeseen liittyv\u00e4t raportit<\/h2>\n<p>[\/et_pb_text][et_pb_code _builder_version=&#8221;4.23.1&#8243; _module_preset=&#8221;default&#8221; global_colors_info=&#8221;{}&#8221;]            <div class=\"download_files_wrapper_fair\">\n                            <a href=\"https:\/\/www.kvarken.org\/wp-content\/uploads\/2024\/06\/FAIR2_DemandStudy_Finalreport.pdf\" target=\"_blank\">\n                    <div class=\"download-symbol\">\n                        <i class=\"far fa-file-download\"><\/i>                \n                    <\/div>                    \n                    FAIR 2 Demand Study Final Report                <\/a>\n                            <a href=\"https:\/\/www.kvarken.org\/wp-content\/uploads\/2025\/03\/FAIR2-demand-study-short-version.pdf\" target=\"_blank\">\n                    <div class=\"download-symbol\">\n                        <i class=\"far fa-file-download\"><\/i>                \n                    <\/div>                    \n                    FAIR 2 Demand for Sustainable Aviation in the Northern Nordics \u2013 Short version                <\/a>\n                            <a href=\"https:\/\/www.kvarken.org\/wp-content\/uploads\/2025\/03\/FAIR2-sales-material.pdf\" target=\"_blank\">\n                    <div class=\"download-symbol\">\n                        <i class=\"far fa-file-download\"><\/i>                \n                    <\/div>                    \n                    FAIR 2 Sales Material                <\/a>\n                            <a href=\"https:\/\/www.kvarken.org\/wp-content\/uploads\/2025\/03\/KVARKENRADET-FAIR-2-SLUTRAPPORT-2025-komprimerad.pdf\" target=\"_blank\">\n                    <div class=\"download-symbol\">\n                        <i class=\"far fa-file-download\"><\/i>                \n                    <\/div>                    \n                    FAIR 2 Social Media Campaign Report                <\/a>\n                    <\/div>\n    [\/et_pb_code][\/et_pb_column][\/et_pb_row][\/et_pb_section][et_pb_section fb_built=&#8221;1&#8243; disabled_on=&#8221;on|on|on&#8221; admin_label=&#8221;Relaterade rapporter&#8221; _builder_version=&#8221;4.16&#8243; _module_preset=&#8221;default&#8221; background_color=&#8221;#ffffff&#8221; disabled=&#8221;on&#8221; locked=&#8221;off&#8221; collapsed=&#8221;on&#8221; global_colors_info=&#8221;{}&#8221;][et_pb_row _builder_version=&#8221;4.16&#8243; _module_preset=&#8221;default&#8221; max_width=&#8221;1680px&#8221; global_colors_info=&#8221;{}&#8221;][et_pb_column type=&#8221;4_4&#8243; _builder_version=&#8221;4.16&#8243; _module_preset=&#8221;default&#8221; global_colors_info=&#8221;{}&#8221;][et_pb_code _builder_version=&#8221;4.17.4&#8243; _module_preset=&#8221;default&#8221; global_colors_info=&#8221;{}&#8221;]                <h2 class=\"related_news_heading\">Aiheeseen liittyv\u00e4t raportit<\/h2>\n        <div class=\"download_files_wrapper_fair\" style=\"justify-content: flex-start;\">\n                            <a href=\"https:\/\/www.kvarken.org\/fi\/hankkeet\/fair-2-social-media-campaign-report\/\">\n\t\t\t\t\t<div class=\"download-symbol\">\n\t\t\t\t\t\t<i class=\"far fa-folder-open\"><\/i>\t\t\t\t\n                    <\/div>                    \t\t\t\t\t                   \n                    FAIR 2 Social Media Campaign Report                <\/a>\n                            <a href=\"https:\/\/www.kvarken.org\/fi\/hankkeet\/fair-2-sales-material\/\">\n\t\t\t\t\t<div class=\"download-symbol\">\n\t\t\t\t\t\t<i class=\"far fa-folder-open\"><\/i>\t\t\t\t\n                    <\/div>                    \t\t\t\t\t                   \n                    FAIR 2 Sales Material                <\/a>\n                            <a href=\"https:\/\/www.kvarken.org\/fi\/hankkeet\/fair-2-demand-for-sustainable-aviation-in-the-northern-nordics-short-version\/\">\n\t\t\t\t\t<div class=\"download-symbol\">\n\t\t\t\t\t\t<i class=\"far fa-folder-open\"><\/i>\t\t\t\t\n                    <\/div>                    \t\t\t\t\t                   \n                    FAIR 2 Demand for Sustainable Aviation in the Northern Nordics \u2013 Short version                <\/a>\n                            <a href=\"https:\/\/www.kvarken.org\/fi\/hankkeet\/fair-2-demand-study-final-report\/\">\n\t\t\t\t\t<div class=\"download-symbol\">\n\t\t\t\t\t\t<i class=\"far fa-folder-open\"><\/i>\t\t\t\t\n                    <\/div>                    \t\t\t\t\t                   \n                    FAIR 2 Demand Study Final Report                <\/a>\n                    <\/div>\n                <style>\n            .project-materialbank-wrapper{\n                display: none!important;\n            }\n        <\/style>\n    [\/et_pb_code][\/et_pb_column][\/et_pb_row][\/et_pb_section][et_pb_section fb_built=&#8221;1&#8243; disabled_on=&#8221;on|on|on&#8221; admin_label=&#8221;Projektets materialbank&#8221; _builder_version=&#8221;4.16&#8243; _module_preset=&#8221;default&#8221; background_color=&#8221;#E1DFD9&#8243; disabled=&#8221;on&#8221; locked=&#8221;off&#8221; collapsed=&#8221;on&#8221; global_colors_info=&#8221;{}&#8221;][et_pb_row _builder_version=&#8221;4.16&#8243; _module_preset=&#8221;default&#8221; global_colors_info=&#8221;{}&#8221;][et_pb_column type=&#8221;4_4&#8243; _builder_version=&#8221;4.16&#8243; _module_preset=&#8221;default&#8221; global_colors_info=&#8221;{}&#8221;][et_pb_text _builder_version=&#8221;4.16&#8243; _dynamic_attributes=&#8221;content&#8221; _module_preset=&#8221;default&#8221; text_font=&#8221;|300|||||||&#8221; text_font_size=&#8221;42px&#8221; text_line_height=&#8221;1.3em&#8221; header_2_font=&#8221;|300|||||||&#8221; header_2_font_size=&#8221;42px&#8221; text_orientation=&#8221;center&#8221; module_alignment=&#8221;center&#8221; header_2_font_size_tablet=&#8221;&#8221; header_2_font_size_phone=&#8221;&#8221; header_2_font_size_last_edited=&#8221;on|phone&#8221; locked=&#8221;off&#8221; global_colors_info=&#8221;{}&#8221;]@ET-DC@eyJkeW5hbWljIjp0cnVlLCJjb250ZW50IjoiY3VzdG9tX21ldGFfcHJvamVrdGV0c19tYXRlcmlhbGJhbms6X3J1YnJpayIsInNldHRpbmdzIjp7ImJlZm9yZSI6IiIsImFmdGVyIjoiIiwiZW5hYmxlX2h0bWwiOiJvZmYifX0=@[\/et_pb_text][et_pb_text module_class=&#8221;projektets-materialbank&#8221; _builder_version=&#8221;4.16&#8243; _dynamic_attributes=&#8221;content&#8221; _module_preset=&#8221;default&#8221; text_font=&#8221;|300|||||||&#8221; global_colors_info=&#8221;{}&#8221;]@ET-DC@eyJkeW5hbWljIjp0cnVlLCJjb250ZW50IjoiY3VzdG9tX21ldGFfcHJvamVrdGV0c19tYXRlcmlhbGJhbms6X3RleHQiLCJzZXR0aW5ncyI6eyJiZWZvcmUiOiIiLCJhZnRlciI6IiIsImVuYWJsZV9odG1sIjoib24ifX0=@[\/et_pb_text][\/et_pb_column][\/et_pb_row][\/et_pb_section][et_pb_section fb_built=&#8221;1&#8243; admin_label=&#8221;Kontaktpersoner&#8221; _builder_version=&#8221;4.16&#8243; _module_preset=&#8221;default&#8221; background_color=&#8221;#5A9AB0&#8243; custom_padding=&#8221;40px||60px||false|false&#8221; locked=&#8221;off&#8221; collapsed=&#8221;off&#8221; global_colors_info=&#8221;{}&#8221;][et_pb_row _builder_version=&#8221;4.16&#8243; _module_preset=&#8221;default&#8221; global_colors_info=&#8221;{}&#8221;][et_pb_column type=&#8221;4_4&#8243; _builder_version=&#8221;4.16&#8243; _module_preset=&#8221;default&#8221; global_colors_info=&#8221;{}&#8221;][et_pb_text _builder_version=&#8221;4.23.1&#8243; _module_preset=&#8221;default&#8221; text_font=&#8221;|300|||||||&#8221; text_text_color=&#8221;#ffffff&#8221; text_font_size=&#8221;42px&#8221; text_line_height=&#8221;1.3em&#8221; header_2_font=&#8221;|300|||||||&#8221; header_2_font_size=&#8221;42px&#8221; text_orientation=&#8221;center&#8221; module_alignment=&#8221;center&#8221; header_2_font_size_tablet=&#8221;&#8221; header_2_font_size_phone=&#8221;&#8221; header_2_font_size_last_edited=&#8221;on|phone&#8221; locked=&#8221;off&#8221; global_colors_info=&#8221;{}&#8221;]<\/p>\n<p>YHTEYSTIEDOT<\/p>\n<p>[\/et_pb_text][\/et_pb_column][\/et_pb_row][et_pb_row column_structure=&#8221;1_3,1_3,1_3&#8243; _builder_version=&#8221;4.16&#8243; _module_preset=&#8221;default&#8221; module_alignment=&#8221;center&#8221; global_colors_info=&#8221;{}&#8221;][et_pb_column type=&#8221;1_3&#8243; _builder_version=&#8221;4.16&#8243; _module_preset=&#8221;default&#8221; global_colors_info=&#8221;{}&#8221;][et_pb_image src=&#8221;https:\/\/www.kvarken.org\/wp-content\/uploads\/2022\/11\/Mathias_Y5A5683-2.jpg&#8221; alt=&#8221;Mathias Lindstr\u00f6m&#8221; title_text=&#8221;Mathias_Y5A5683-2&#8243; admin_label=&#8221;Bild Mathias&#8221; _builder_version=&#8221;4.23.1&#8243; _module_preset=&#8221;default&#8221; max_width=&#8221;200px&#8221; global_colors_info=&#8221;{}&#8221;][\/et_pb_image][et_pb_text _builder_version=&#8221;4.23.1&#8243; _module_preset=&#8221;default&#8221; text_font=&#8221;|300|||||||&#8221; text_text_color=&#8221;#ffffff&#8221; text_font_size=&#8221;18px&#8221; link_text_color=&#8221;#ffffff&#8221; locked=&#8221;off&#8221; global_colors_info=&#8221;{}&#8221;]<\/p>\n<p><strong>Johtaja, Merenkurkun neuvosto<br \/><\/strong>Mathias Lindstr\u00f6m<br \/><a href=\"mailto:mathias.lindstrom@kvarken.org\">mathias.lindstrom@kvarken.org \u00a0<\/a><br \/><a href=\"tel:+35850%20918%206462\">+358 50 918 6462<\/a><\/p>\n<p>[\/et_pb_text][\/et_pb_column][et_pb_column type=&#8221;1_3&#8243; _builder_version=&#8221;4.16&#8243; _module_preset=&#8221;default&#8221; global_colors_info=&#8221;{}&#8221;][et_pb_image src=&#8221;https:\/\/www.kvarken.org\/wp-content\/uploads\/2022\/11\/Johanna_Y5A6684.jpg&#8221; alt=&#8221;Johanna H\u00e4ggman&#8221; title_text=&#8221;Johanna_Y5A6684&#8243; admin_label=&#8221;Bild Johanna&#8221; _builder_version=&#8221;4.23.1&#8243; _module_preset=&#8221;default&#8221; max_width=&#8221;200px&#8221; global_colors_info=&#8221;{}&#8221;][\/et_pb_image][et_pb_text _builder_version=&#8221;4.23.1&#8243; _module_preset=&#8221;default&#8221; text_font=&#8221;|300|||||||&#8221; text_text_color=&#8221;#ffffff&#8221; text_font_size=&#8221;18px&#8221; link_text_color=&#8221;#ffffff&#8221; locked=&#8221;off&#8221; global_colors_info=&#8221;{}&#8221;]<\/p>\n<p><strong>Viestint\u00e4p\u00e4\u00e4llikk\u00f6<br \/><\/strong>Johanna H\u00e4ggman<a href=\"mailto:johanna.haggman@kvarken.org\"><br \/>johanna.haggman@kvarken.org<\/a><br \/><a href=\"tel:+35850%20918%206462\">+358 50 309 2960<\/a><\/p>\n<p>[\/et_pb_text][\/et_pb_column][et_pb_column type=&#8221;1_3&#8243; _builder_version=&#8221;4.16&#8243; _module_preset=&#8221;default&#8221; global_colors_info=&#8221;{}&#8221;][et_pb_image src=&#8221;https:\/\/www.kvarken.org\/wp-content\/uploads\/2022\/11\/Maria_Y5A5649-4.jpg&#8221; alt=&#8221;Johanna H\u00e4ggman&#8221; title_text=&#8221;Maria_Y5A5649-4&#8243; admin_label=&#8221;Bild Maria&#8221; _builder_version=&#8221;4.23.1&#8243; _module_preset=&#8221;default&#8221; max_width=&#8221;200px&#8221; global_colors_info=&#8221;{}&#8221;][\/et_pb_image][et_pb_text _builder_version=&#8221;4.23.1&#8243; _module_preset=&#8221;default&#8221; text_font=&#8221;|300|||||||&#8221; text_text_color=&#8221;#ffffff&#8221; text_font_size=&#8221;18px&#8221; link_text_color=&#8221;#ffffff&#8221; locked=&#8221;off&#8221; global_colors_info=&#8221;{}&#8221;]<\/p>\n<p><strong>Talousp\u00e4\u00e4llikk\u00f6<br \/><\/strong>Maria Snickars<a href=\"mailto:maria.snickars@kvarken.org\"><br \/>maria.snickars@kvarken.org<\/a><br \/><a href=\"tel:+358505919164\">+358 50 591 9164<\/a><\/p>\n<p>[\/et_pb_text][\/et_pb_column][\/et_pb_row][\/et_pb_section][et_pb_section fb_built=&#8221;1&#8243; admin_label=&#8221;Relaterade nyheter&#8221; _builder_version=&#8221;4.16&#8243; _module_preset=&#8221;default&#8221; background_color=&#8221;#A7B5B9&#8243; locked=&#8221;off&#8221; collapsed=&#8221;on&#8221; global_colors_info=&#8221;{}&#8221;][et_pb_row _builder_version=&#8221;4.16&#8243; _module_preset=&#8221;default&#8221; max_width=&#8221;1680px&#8221; global_colors_info=&#8221;{}&#8221;][et_pb_column type=&#8221;4_4&#8243; _builder_version=&#8221;4.16&#8243; _module_preset=&#8221;default&#8221; global_colors_info=&#8221;{}&#8221;][et_pb_code _builder_version=&#8221;4.16&#8243; _module_preset=&#8221;default&#8221; global_colors_info=&#8221;{}&#8221;]    \n        \n    <h2 class=\"related_news_heading\">Liittyv\u00e4t uutiset<\/h2>            \n    \n        <div id=\"ajax-load-more\" class=\"ajax-load-more-wrap white\"  data-alm-id=\"\" data-canonical-url=\"https:\/\/www.kvarken.org\/fi\/hankkeet\/fair2\/\" data-slug=\"fair2\" data-post-id=\"19465\"  data-localized=\"ajax_load_more_vars\" data-alm-object=\"ajax_load_more\"><div aria-live=\"polite\" aria-atomic=\"true\" class=\"alm-listing alm-ajax related_news_wrapper\" data-container-type=\"div\" data-loading-style=\"white\" data-repeater=\"default\" data-post-type=\"post\" data-meta-key=\"relaterade_projekt\" data-meta-value=\"19465\" data-meta-compare=\"LIKE\" data-order=\"DESC\" data-orderby=\"date\" data-offset=\"0\" data-posts-per-page=\"3\" data-lang=\"fi\" data-scroll=\"false\" data-button-label=\"Lataa lis\u00e4\u00e4\" data-prev-button-label=\"Load Previous\"><\/div><div class=\"alm-btn-wrap\" style=\"visibility: hidden\" data-rel=\"ajax-load-more\"><button class=\"alm-load-more-btn\" type=\"button\">Lataa lis\u00e4\u00e4<\/button><\/div><div class=\"alm-no-results\" style=\"display: none;\">Ei viestej\u00e4<\/div><\/div>\n                            \n    \n    <h2 class=\"related_news_heading line-top\">Liittyv\u00e4t tapahtumat<\/h2>\n    \n        <div id=\"ajax-load-more-2\" class=\"ajax-load-more-wrap white\" data-id=\"4337406757\" data-alm-id=\"\" data-canonical-url=\"https:\/\/www.kvarken.org\/fi\/hankkeet\/fair2\/\" data-slug=\"fair2\" data-post-id=\"19465\"  data-localized=\"ajax_load_more_4337406757_vars\" data-alm-object=\"ajax_load_more_4337406757\"><div aria-live=\"polite\" aria-atomic=\"true\" class=\"alm-listing alm-ajax related_news_wrapper\" data-container-type=\"div\" data-loading-style=\"white\" data-repeater=\"template_1\" data-post-type=\"evenemang\" data-meta-key=\"relaterade_projekt\" data-meta-value=\"19465\" data-meta-compare=\"LIKE\" data-order=\"DESC\" data-orderby=\"date\" data-offset=\"0\" data-posts-per-page=\"3\" data-lang=\"fi\" data-scroll=\"false\" data-button-label=\"Lataa lis\u00e4\u00e4\" data-prev-button-label=\"Load Previous\"><\/div><div class=\"alm-btn-wrap\" style=\"visibility: hidden\" data-rel=\"ajax-load-more-2\"><button class=\"alm-load-more-btn\" type=\"button\">Lataa lis\u00e4\u00e4<\/button><\/div><div class=\"alm-no-results\" style=\"display: none;\">Ei viestej\u00e4<\/div><\/div>\n                            \n                    \n    [\/et_pb_code][\/et_pb_column][\/et_pb_row][\/et_pb_section][et_pb_section fb_built=&#8221;1&#8243; admin_label=&#8221;Relaterade projekt&#8221; _builder_version=&#8221;4.16&#8243; _module_preset=&#8221;default&#8221; custom_margin=&#8221;0px|0px|0px|0px|false|false&#8221; custom_padding=&#8221;0px|0px|0px|0px|false|false&#8221; locked=&#8221;off&#8221; global_colors_info=&#8221;{}&#8221;][et_pb_row _builder_version=&#8221;4.16&#8243; _module_preset=&#8221;default&#8221; width=&#8221;100%&#8221; max_width=&#8221;100%&#8221; custom_margin=&#8221;0px|0px|0px|0px|false|false&#8221; custom_padding=&#8221;0px|0px|0px|0px|false|false&#8221; global_colors_info=&#8221;{}&#8221;][et_pb_column type=&#8221;4_4&#8243; _builder_version=&#8221;4.16&#8243; _module_preset=&#8221;default&#8221; global_colors_info=&#8221;{}&#8221;][et_pb_code _builder_version=&#8221;4.16&#8243; _module_preset=&#8221;default&#8221; global_colors_info=&#8221;{}&#8221;]   [\/et_pb_code][\/et_pb_column][\/et_pb_row][\/et_pb_section]<\/p>\n","protected":false},"excerpt":{"rendered":"<p>Tiedon lis\u00e4\u00e4minen kest\u00e4v\u00e4n alueellisen lent\u00e4misen kysynn\u00e4st\u00e4 valtionrajat ylitt\u00e4v\u00e4st\u00e4 n\u00e4k\u00f6kulmasta.<\/p>\n","protected":false},"featured_media":19375,"template":"","meta":{"_acf_changed":false,"_et_pb_use_builder":"on","_et_pb_old_content":"","_et_gb_content_width":""},"projektstatus":[27],"amnen":[],"flagship_status":[142],"class_list":["post-19465","projekt","type-projekt","status-publish","has-post-thumbnail","hentry","projektstatus-paattynyt-hanke","flagship_status-flagship-ny-layout-fi"],"acf":[],"yoast_head":"<!-- This site is optimized with the Yoast SEO plugin v27.4 - https:\/\/yoast.com\/product\/yoast-seo-wordpress\/ -->\n<title>FAIR 2 - Kest\u00e4v\u00e4n lent\u00e4misen edist\u00e4minen - Kvarkenr\u00e5det<\/title>\n<meta name=\"description\" content=\"FAIR 2 -hanke pyrkii parantamaan ymm\u00e4rryst\u00e4 kest\u00e4v\u00e4n alueellisen ilmailun kysynn\u00e4st\u00e4 valtiorajat ylitt\u00e4v\u00e4st\u00e4 n\u00e4k\u00f6kulmasta.\" \/>\n<meta name=\"robots\" content=\"index, follow, max-snippet:-1, max-image-preview:large, max-video-preview:-1\" \/>\n<link rel=\"canonical\" href=\"https:\/\/www.kvarken.org\/fi\/hankkeet\/fair2\/\" \/>\n<meta property=\"og:locale\" content=\"fi_FI\" \/>\n<meta property=\"og:type\" content=\"article\" \/>\n<meta property=\"og:title\" content=\"FAIR 2 - Kest\u00e4v\u00e4n lent\u00e4misen edist\u00e4minen - Kvarkenr\u00e5det\" \/>\n<meta property=\"og:description\" content=\"FAIR 2 -hanke pyrkii parantamaan ymm\u00e4rryst\u00e4 kest\u00e4v\u00e4n alueellisen ilmailun kysynn\u00e4st\u00e4 valtiorajat ylitt\u00e4v\u00e4st\u00e4 n\u00e4k\u00f6kulmasta.\" \/>\n<meta property=\"og:url\" content=\"https:\/\/www.kvarken.org\/fi\/hankkeet\/fair2\/\" \/>\n<meta property=\"og:site_name\" content=\"Kvarkenr\u00e5det\" \/>\n<meta property=\"article:modified_time\" content=\"2025-03-26T14:27:58+00:00\" \/>\n<meta property=\"og:image\" content=\"https:\/\/www.kvarken.org\/wp-content\/uploads\/2023\/11\/eviation.png\" \/>\n\t<meta property=\"og:image:width\" content=\"960\" \/>\n\t<meta property=\"og:image:height\" content=\"540\" \/>\n\t<meta property=\"og:image:type\" content=\"image\/png\" \/>\n<meta name=\"twitter:card\" content=\"summary_large_image\" \/>\n<meta name=\"twitter:label1\" content=\"Arvioitu lukuaika\" \/>\n\t<meta name=\"twitter:data1\" content=\"6 minuuttia\" \/>\n<script type=\"application\/ld+json\" class=\"yoast-schema-graph\">{\"@context\":\"https:\\\/\\\/schema.org\",\"@graph\":[{\"@type\":\"WebPage\",\"@id\":\"https:\\\/\\\/www.kvarken.org\\\/fi\\\/hankkeet\\\/fair2\\\/\",\"url\":\"https:\\\/\\\/www.kvarken.org\\\/fi\\\/hankkeet\\\/fair2\\\/\",\"name\":\"FAIR 2 - Kest\u00e4v\u00e4n lent\u00e4misen edist\u00e4minen - Kvarkenr\u00e5det\",\"isPartOf\":{\"@id\":\"https:\\\/\\\/www.kvarken.org\\\/fi\\\/#website\"},\"primaryImageOfPage\":{\"@id\":\"https:\\\/\\\/www.kvarken.org\\\/fi\\\/hankkeet\\\/fair2\\\/#primaryimage\"},\"image\":{\"@id\":\"https:\\\/\\\/www.kvarken.org\\\/fi\\\/hankkeet\\\/fair2\\\/#primaryimage\"},\"thumbnailUrl\":\"https:\\\/\\\/www.kvarken.org\\\/wp-content\\\/uploads\\\/2023\\\/11\\\/eviation.png\",\"datePublished\":\"2023-09-27T12:13:49+00:00\",\"dateModified\":\"2025-03-26T14:27:58+00:00\",\"description\":\"FAIR 2 -hanke pyrkii parantamaan ymm\u00e4rryst\u00e4 kest\u00e4v\u00e4n alueellisen ilmailun kysynn\u00e4st\u00e4 valtiorajat ylitt\u00e4v\u00e4st\u00e4 n\u00e4k\u00f6kulmasta.\",\"breadcrumb\":{\"@id\":\"https:\\\/\\\/www.kvarken.org\\\/fi\\\/hankkeet\\\/fair2\\\/#breadcrumb\"},\"inLanguage\":\"fi\",\"potentialAction\":[{\"@type\":\"ReadAction\",\"target\":[\"https:\\\/\\\/www.kvarken.org\\\/fi\\\/hankkeet\\\/fair2\\\/\"]}]},{\"@type\":\"ImageObject\",\"inLanguage\":\"fi\",\"@id\":\"https:\\\/\\\/www.kvarken.org\\\/fi\\\/hankkeet\\\/fair2\\\/#primaryimage\",\"url\":\"https:\\\/\\\/www.kvarken.org\\\/wp-content\\\/uploads\\\/2023\\\/11\\\/eviation.png\",\"contentUrl\":\"https:\\\/\\\/www.kvarken.org\\\/wp-content\\\/uploads\\\/2023\\\/11\\\/eviation.png\",\"width\":960,\"height\":540},{\"@type\":\"BreadcrumbList\",\"@id\":\"https:\\\/\\\/www.kvarken.org\\\/fi\\\/hankkeet\\\/fair2\\\/#breadcrumb\",\"itemListElement\":[{\"@type\":\"ListItem\",\"position\":1,\"name\":\"Hem\",\"item\":\"https:\\\/\\\/www.kvarken.org\\\/fi\\\/\"},{\"@type\":\"ListItem\",\"position\":2,\"name\":\"Hanke\",\"item\":\"https:\\\/\\\/www.kvarken.org\\\/fi\\\/hankkeet\\\/\"},{\"@type\":\"ListItem\",\"position\":3,\"name\":\"FAIR 2 &#8211; Kest\u00e4v\u00e4n lent\u00e4misen edist\u00e4minen\"}]},{\"@type\":\"WebSite\",\"@id\":\"https:\\\/\\\/www.kvarken.org\\\/fi\\\/#website\",\"url\":\"https:\\\/\\\/www.kvarken.org\\\/fi\\\/\",\"name\":\"Kvarkenr\u00e5det\",\"description\":\"\",\"potentialAction\":[{\"@type\":\"SearchAction\",\"target\":{\"@type\":\"EntryPoint\",\"urlTemplate\":\"https:\\\/\\\/www.kvarken.org\\\/fi\\\/?s={search_term_string}\"},\"query-input\":{\"@type\":\"PropertyValueSpecification\",\"valueRequired\":true,\"valueName\":\"search_term_string\"}}],\"inLanguage\":\"fi\"}]}<\/script>\n<!-- \/ Yoast SEO plugin. -->","yoast_head_json":{"title":"FAIR 2 - Kest\u00e4v\u00e4n lent\u00e4misen edist\u00e4minen - Kvarkenr\u00e5det","description":"FAIR 2 -hanke pyrkii parantamaan ymm\u00e4rryst\u00e4 kest\u00e4v\u00e4n alueellisen ilmailun kysynn\u00e4st\u00e4 valtiorajat ylitt\u00e4v\u00e4st\u00e4 n\u00e4k\u00f6kulmasta.","robots":{"index":"index","follow":"follow","max-snippet":"max-snippet:-1","max-image-preview":"max-image-preview:large","max-video-preview":"max-video-preview:-1"},"canonical":"https:\/\/www.kvarken.org\/fi\/hankkeet\/fair2\/","og_locale":"fi_FI","og_type":"article","og_title":"FAIR 2 - Kest\u00e4v\u00e4n lent\u00e4misen edist\u00e4minen - Kvarkenr\u00e5det","og_description":"FAIR 2 -hanke pyrkii parantamaan ymm\u00e4rryst\u00e4 kest\u00e4v\u00e4n alueellisen ilmailun kysynn\u00e4st\u00e4 valtiorajat ylitt\u00e4v\u00e4st\u00e4 n\u00e4k\u00f6kulmasta.","og_url":"https:\/\/www.kvarken.org\/fi\/hankkeet\/fair2\/","og_site_name":"Kvarkenr\u00e5det","article_modified_time":"2025-03-26T14:27:58+00:00","og_image":[{"width":960,"height":540,"url":"https:\/\/www.kvarken.org\/wp-content\/uploads\/2023\/11\/eviation.png","type":"image\/png"}],"twitter_card":"summary_large_image","twitter_misc":{"Arvioitu lukuaika":"6 minuuttia"},"schema":{"@context":"https:\/\/schema.org","@graph":[{"@type":"WebPage","@id":"https:\/\/www.kvarken.org\/fi\/hankkeet\/fair2\/","url":"https:\/\/www.kvarken.org\/fi\/hankkeet\/fair2\/","name":"FAIR 2 - Kest\u00e4v\u00e4n lent\u00e4misen edist\u00e4minen - Kvarkenr\u00e5det","isPartOf":{"@id":"https:\/\/www.kvarken.org\/fi\/#website"},"primaryImageOfPage":{"@id":"https:\/\/www.kvarken.org\/fi\/hankkeet\/fair2\/#primaryimage"},"image":{"@id":"https:\/\/www.kvarken.org\/fi\/hankkeet\/fair2\/#primaryimage"},"thumbnailUrl":"https:\/\/www.kvarken.org\/wp-content\/uploads\/2023\/11\/eviation.png","datePublished":"2023-09-27T12:13:49+00:00","dateModified":"2025-03-26T14:27:58+00:00","description":"FAIR 2 -hanke pyrkii parantamaan ymm\u00e4rryst\u00e4 kest\u00e4v\u00e4n alueellisen ilmailun kysynn\u00e4st\u00e4 valtiorajat ylitt\u00e4v\u00e4st\u00e4 n\u00e4k\u00f6kulmasta.","breadcrumb":{"@id":"https:\/\/www.kvarken.org\/fi\/hankkeet\/fair2\/#breadcrumb"},"inLanguage":"fi","potentialAction":[{"@type":"ReadAction","target":["https:\/\/www.kvarken.org\/fi\/hankkeet\/fair2\/"]}]},{"@type":"ImageObject","inLanguage":"fi","@id":"https:\/\/www.kvarken.org\/fi\/hankkeet\/fair2\/#primaryimage","url":"https:\/\/www.kvarken.org\/wp-content\/uploads\/2023\/11\/eviation.png","contentUrl":"https:\/\/www.kvarken.org\/wp-content\/uploads\/2023\/11\/eviation.png","width":960,"height":540},{"@type":"BreadcrumbList","@id":"https:\/\/www.kvarken.org\/fi\/hankkeet\/fair2\/#breadcrumb","itemListElement":[{"@type":"ListItem","position":1,"name":"Hem","item":"https:\/\/www.kvarken.org\/fi\/"},{"@type":"ListItem","position":2,"name":"Hanke","item":"https:\/\/www.kvarken.org\/fi\/hankkeet\/"},{"@type":"ListItem","position":3,"name":"FAIR 2 &#8211; Kest\u00e4v\u00e4n lent\u00e4misen edist\u00e4minen"}]},{"@type":"WebSite","@id":"https:\/\/www.kvarken.org\/fi\/#website","url":"https:\/\/www.kvarken.org\/fi\/","name":"Kvarkenr\u00e5det","description":"","potentialAction":[{"@type":"SearchAction","target":{"@type":"EntryPoint","urlTemplate":"https:\/\/www.kvarken.org\/fi\/?s={search_term_string}"},"query-input":{"@type":"PropertyValueSpecification","valueRequired":true,"valueName":"search_term_string"}}],"inLanguage":"fi"}]}},"_links":{"self":[{"href":"https:\/\/www.kvarken.org\/fi\/wp-json\/wp\/v2\/projekt\/19465","targetHints":{"allow":["GET"]}}],"collection":[{"href":"https:\/\/www.kvarken.org\/fi\/wp-json\/wp\/v2\/projekt"}],"about":[{"href":"https:\/\/www.kvarken.org\/fi\/wp-json\/wp\/v2\/types\/projekt"}],"wp:featuredmedia":[{"embeddable":true,"href":"https:\/\/www.kvarken.org\/fi\/wp-json\/wp\/v2\/media\/19375"}],"wp:attachment":[{"href":"https:\/\/www.kvarken.org\/fi\/wp-json\/wp\/v2\/media?parent=19465"}],"wp:term":[{"taxonomy":"projektstatus","embeddable":true,"href":"https:\/\/www.kvarken.org\/fi\/wp-json\/wp\/v2\/projektstatus?post=19465"},{"taxonomy":"amnen","embeddable":true,"href":"https:\/\/www.kvarken.org\/fi\/wp-json\/wp\/v2\/amnen?post=19465"},{"taxonomy":"flagship_status","embeddable":true,"href":"https:\/\/www.kvarken.org\/fi\/wp-json\/wp\/v2\/flagship_status?post=19465"}],"curies":[{"name":"wp","href":"https:\/\/api.w.org\/{rel}","templated":true}]}}